{"id":2256,"date":"2023-12-10T19:26:20","date_gmt":"2023-12-10T18:26:20","guid":{"rendered":"https:\/\/www.ilederephotoclub.com\/?post_type=mec-events&#038;p=2256"},"modified":"2023-12-10T19:26:20","modified_gmt":"2023-12-10T18:26:20","slug":"octobre-rose-405","status":"publish","type":"mec-events","link":"https:\/\/www.ilederephotoclub.com\/index.php\/events\/octobre-rose-405\/","title":{"rendered":"PERE NOEL"},"content":{"rendered":"<p>Atelier Portrait\u00a0 au Bois Plage pour la venue du <strong>P\u00e8re Noel :<\/strong><\/p>\n<p>Nous sommes sollicit\u00e9s comme les ann\u00e9es pass\u00e9es par la Mairie du Bois pour la prise de photos des enfants avec le <strong>P\u00e8re No\u00ebl le samedi 23 d\u00e9cembre vers 16h<\/strong>, pr\u00e8s de la patinoire install\u00e9e \u00e0 proximit\u00e9 du march\u00e9.<\/p>\n<p>Au moins 3 photographes sont n\u00e9cessaires (2 pour la prise de photos, le 3\u00e8me pour le tirage sur papier).<\/p>\n<p>&nbsp;<\/p>\n","protected":false},"excerpt":{"rendered":"<p>Atelier Portrait\u00a0 au Bois Plage pour la venue du P\u00e8re Noel : Nous sommes sollicit\u00e9s comme les ann\u00e9es pass\u00e9es par la Mairie du Bois pour la prise de photos des enfants avec le P\u00e8re No\u00ebl le samedi 23 d\u00e9cembre vers 16h, pr\u00e8s de la patinoire install\u00e9e \u00e0 proximit\u00e9 du march\u00e9. Au moins 3 photographes sont n\u00e9cessaires (2 pour la prise de photos, le 3\u00e8me pour [&hellip;]<\/p>\n","protected":false},"author":1,"featured_media":0,"comment_status":"closed","ping_status":"closed","template":"","tags":[],"mec_category":[],"class_list":["post-2256","mec-events","type-mec-events","status-publish","hentry"],"_links":{"self":[{"href":"https:\/\/www.ilederephotoclub.com\/index.php\/wp-json\/wp\/v2\/mec-events\/2256","targetHints":{"allow":["GET"]}}],"collection":[{"href":"https:\/\/www.ilederephotoclub.com\/index.php\/wp-json\/wp\/v2\/mec-events"}],"about":[{"href":"https:\/\/www.ilederephotoclub.com\/index.php\/wp-json\/wp\/v2\/types\/mec-events"}],"author":[{"embeddable":true,"href":"https:\/\/www.ilederephotoclub.com\/index.php\/wp-json\/wp\/v2\/users\/1"}],"replies":[{"embeddable":true,"href":"https:\/\/www.ilederephotoclub.com\/index.php\/wp-json\/wp\/v2\/comments?post=2256"}],"wp:attachment":[{"href":"https:\/\/www.ilederephotoclub.com\/index.php\/wp-json\/wp\/v2\/media?parent=2256"}],"wp:term":[{"taxonomy":"post_tag","embeddable":true,"href":"https:\/\/www.ilederephotoclub.com\/index.php\/wp-json\/wp\/v2\/tags?post=2256"},{"taxonomy":"mec_category","embeddable":true,"href":"https:\/\/www.ilederephotoclub.com\/index.php\/wp-json\/wp\/v2\/mec_category?post=2256"}],"curies":[{"name":"wp","href":"https:\/\/api.w.org\/{rel}","templated":true}]}}